{"id":280,"date":"2021-08-09T13:34:08","date_gmt":"2021-08-09T16:34:08","guid":{"rendered":"https:\/\/inove.quixada.ufc.br\/?post_type=evento&#038;p=280"},"modified":"2021-08-09T13:54:14","modified_gmt":"2021-08-09T16:54:14","slug":"campus-de-quixada-realiza-o-vii-empreenday-virtual-inscricoes-abertas","status":"publish","type":"evento","link":"https:\/\/inove.quixada.ufc.br\/?evento=campus-de-quixada-realiza-o-vii-empreenday-virtual-inscricoes-abertas","title":{"rendered":"Campus de Quixad\u00e1 realiza o VII Empreenday, inscri\u00e7\u00f5es abertas!"},"content":{"rendered":"\n<p>Nos pr\u00f3ximos dias 11 e 12 de agosto, ser\u00e1 realizado o VII Empreenday, um dos principais eventos do Campus de Quixad\u00e1 da Universidade Federal do Cear\u00e1 e uma das mais relevantes iniciativas da UFC no fomento \u00e0 cultura empreendedora e \u00e0 inova\u00e7\u00e3o.<\/p>\n\n\n\n<p>O evento ser\u00e1 totalmente on-line, e ocorrer\u00e1 pela plataforma Google Meet, <a href=\"https:\/\/www.youtube.com\/channel\/UCzr9si9chi8i0h4kALlALmg\" target=\"_blank\" rel=\"noreferrer noopener\">Youtube<\/a> e pela <a href=\"http:\/\/twitch.tv\/inove_ufc\" target=\"_blank\" rel=\"noreferrer noopener\">Twitch<\/a> o que permitir\u00e1 ampla participa\u00e7\u00e3o nas palestras e apresenta\u00e7\u00f5es de empreendedorismo previstos na programa\u00e7\u00e3o. Tudo ser\u00e1 <strong>gratuito e aberto ao p\u00fablico<\/strong>.<\/p>\n\n\n\n<p>As\u00a0inscri\u00e7\u00f5es do VII Empreenday podem ser feitas atrav\u00e9s de <a href=\"https:\/\/bit.ly\/VII-EmpreendayOnline\" target=\"_blank\" rel=\"noreferrer noopener\">formul\u00e1rio eletr\u00f4nico<\/a>.  O evento ocorre desde 2018 e \u00e9 promovido pelo N\u00facleo de Inova\u00e7\u00e3o e Empreendedorismo (INOVE)\u00a0do Campus de Quixad\u00e1.<\/p>\n\n\n\n<p><strong>Programa\u00e7\u00e3o<\/strong><\/p>\n\n\n\n<figure class=\"wp-block-gallery columns-2 is-cropped wp-block-gallery-1 is-layout-flex wp-block-gallery-is-layout-flex\"><ul class=\"blocks-gallery-grid\"><li class=\"blocks-gallery-item\"><figure><img loading=\"lazy\" decoding=\"async\" width=\"1024\" height=\"1024\" src=\"https:\/\/inove.quixada.ufc.br\/wp-content\/uploads\/2021\/08\/1-1-1024x1024.jpg\" alt=\"\" data-id=\"282\" data-full-url=\"https:\/\/inove.quixada.ufc.br\/wp-content\/uploads\/2021\/08\/1-1.jpg\" data-link=\"https:\/\/inove.quixada.ufc.br\/?attachment_id=282\" class=\"wp-image-282\" srcset=\"https:\/\/inove.quixada.ufc.br\/wp-content\/uploads\/2021\/08\/1-1-1024x1024.jpg 1024w, https:\/\/inove.quixada.ufc.br\/wp-content\/uploads\/2021\/08\/1-1-300x300.jpg 300w, https:\/\/inove.quixada.ufc.br\/wp-content\/uploads\/2021\/08\/1-1-150x150.jpg 150w, https:\/\/inove.quixada.ufc.br\/wp-content\/uploads\/2021\/08\/1-1-768x768.jpg 768w, https:\/\/inove.quixada.ufc.br\/wp-content\/uploads\/2021\/08\/1-1.jpg 1080w\" sizes=\"(max-width: 1024px) 100vw, 1024px\" \/><\/figure><\/li><li class=\"blocks-gallery-item\"><figure><img loading=\"lazy\" decoding=\"async\" width=\"1024\" height=\"1024\" src=\"https:\/\/inove.quixada.ufc.br\/wp-content\/uploads\/2021\/08\/2-1024x1024.jpg\" alt=\"\" data-id=\"283\" data-full-url=\"https:\/\/inove.quixada.ufc.br\/wp-content\/uploads\/2021\/08\/2.jpg\" data-link=\"https:\/\/inove.quixada.ufc.br\/?attachment_id=283\" class=\"wp-image-283\" srcset=\"https:\/\/inove.quixada.ufc.br\/wp-content\/uploads\/2021\/08\/2-1024x1024.jpg 1024w, https:\/\/inove.quixada.ufc.br\/wp-content\/uploads\/2021\/08\/2-300x300.jpg 300w, https:\/\/inove.quixada.ufc.br\/wp-content\/uploads\/2021\/08\/2-150x150.jpg 150w, https:\/\/inove.quixada.ufc.br\/wp-content\/uploads\/2021\/08\/2-768x768.jpg 768w, https:\/\/inove.quixada.ufc.br\/wp-content\/uploads\/2021\/08\/2.jpg 1080w\" sizes=\"(max-width: 1024px) 100vw, 1024px\" \/><\/figure><\/li><\/ul><\/figure>\n\n\n\n<p><strong>Nossas palestras s\u00e3o:<\/strong><\/p>\n\n\n\n<p>Palestra com Regis Melo com o tema: Construindo software para rodar nos 4 cantos do mundo. Mediadora: Coord. Simone Nunes.<\/p>\n\n\n\n<p>Palestra com Edmilson Miranda Jr com o tema: Criatividade e Design afrofuturista: perspectivas de um futuro decolonial. Mediadora: Profa. Diana Medina;<\/p>\n\n\n\n<p>Palestra com William Brito com o tema: Marketing e as estrat\u00e9gias de venda para ir do mpv \u00e0 tra\u00e7\u00e3o &#8211; Case de duas startups cearenses que conquistaram o mercado brasileiro. Mediadora: Profa. Germana Rolim;<\/p>\n\n\n\n<p>Palestra com Leandro Queiroz com o tema: Jornada de Startup &#8211; como validar sua solu\u00e7\u00e3o. Mediador: Matheus Fernandes, e;<\/p>\n\n\n\n<p>Palestra com Jo\u00e3o Paulo Magalh\u00e3es com o tema: Desenvolvendo uma plataforma de educa\u00e7\u00e3o. Mediador: Prof. Adriano Gomes.<\/p>\n\n\n\n<p>Al\u00e9m disso, ocorrer\u00e3o <em><strong>pitches<\/strong><\/em> de empreendedorismo: apresenta\u00e7\u00e3o de planos de neg\u00f3cios dos alunos das disciplinas de Empreendedorismo com a banca: Bruno Matos, Martonio Mendes e Michael Dhyani. Mediadora: Profa. Lana Mesquita.<\/p>\n\n\n\n<p><strong>Premia\u00e7\u00f5es:<\/strong> <\/p>\n\n\n\n<figure class=\"wp-block-gallery columns-2 is-cropped wp-block-gallery-2 is-layout-flex wp-block-gallery-is-layout-flex\"><ul class=\"blocks-gallery-grid\"><li class=\"blocks-gallery-item\"><figure><img loading=\"lazy\" decoding=\"async\" width=\"1024\" height=\"1024\" src=\"https:\/\/inove.quixada.ufc.br\/wp-content\/uploads\/2021\/08\/dia-12-03-1-1024x1024.jpg\" alt=\"\" data-id=\"284\" data-full-url=\"https:\/\/inove.quixada.ufc.br\/wp-content\/uploads\/2021\/08\/dia-12-03-1.jpg\" data-link=\"https:\/\/inove.quixada.ufc.br\/?attachment_id=284\" class=\"wp-image-284\" srcset=\"https:\/\/inove.quixada.ufc.br\/wp-content\/uploads\/2021\/08\/dia-12-03-1-1024x1024.jpg 1024w, https:\/\/inove.quixada.ufc.br\/wp-content\/uploads\/2021\/08\/dia-12-03-1-300x300.jpg 300w, https:\/\/inove.quixada.ufc.br\/wp-content\/uploads\/2021\/08\/dia-12-03-1-150x150.jpg 150w, https:\/\/inove.quixada.ufc.br\/wp-content\/uploads\/2021\/08\/dia-12-03-1-768x768.jpg 768w, https:\/\/inove.quixada.ufc.br\/wp-content\/uploads\/2021\/08\/dia-12-03-1.jpg 1080w\" sizes=\"(max-width: 1024px) 100vw, 1024px\" \/><\/figure><\/li><li class=\"blocks-gallery-item\"><figure><img loading=\"lazy\" decoding=\"async\" width=\"1024\" height=\"1024\" src=\"https:\/\/inove.quixada.ufc.br\/wp-content\/uploads\/2021\/08\/dia-12-03-2-1024x1024.jpg\" alt=\"\" data-id=\"285\" data-full-url=\"https:\/\/inove.quixada.ufc.br\/wp-content\/uploads\/2021\/08\/dia-12-03-2.jpg\" data-link=\"https:\/\/inove.quixada.ufc.br\/?attachment_id=285\" class=\"wp-image-285\" srcset=\"https:\/\/inove.quixada.ufc.br\/wp-content\/uploads\/2021\/08\/dia-12-03-2-1024x1024.jpg 1024w, https:\/\/inove.quixada.ufc.br\/wp-content\/uploads\/2021\/08\/dia-12-03-2-300x300.jpg 300w, https:\/\/inove.quixada.ufc.br\/wp-content\/uploads\/2021\/08\/dia-12-03-2-150x150.jpg 150w, https:\/\/inove.quixada.ufc.br\/wp-content\/uploads\/2021\/08\/dia-12-03-2-768x768.jpg 768w, https:\/\/inove.quixada.ufc.br\/wp-content\/uploads\/2021\/08\/dia-12-03-2.jpg 1080w\" sizes=\"(max-width: 1024px) 100vw, 1024px\" \/><\/figure><\/li><\/ul><\/figure>\n\n\n\n<p>Mais informa\u00e7\u00f5es podem ser consultadas no\u00a0<a href=\"https:\/\/www.quixada.ufc.br\/evento\/empreenday\/\" target=\"_blank\" rel=\"noreferrer noopener\">site do Campus de Quixad\u00e1<\/a>.<\/p>\n\n\n\n<p>Fonte:\u00a0<em>Simone Nunes, coordenadora do INOVE do Campus da UFC em Quixad\u00e1 \u2013 e-mail:\u00a0<a href=\"mailto:projetos@quixada.ufc.br\" target=\"_blank\" rel=\"noreferrer noopener\">projetos@quixada.ufc.br<\/a>, via\u00a0<a href=\"http:\/\/www.ufc.br\/noticias\/14651-campus-de-quixada-realiza-o-v-empreenday-com-palestras-e-minicursos-virtuais-inscricoes-ate-dia-2\" target=\"_blank\" rel=\"noreferrer noopener\">Portal da UFC<\/a><\/em><\/p>\n","protected":false},"featured_media":286,"template":"","_links":{"self":[{"href":"https:\/\/inove.quixada.ufc.br\/index.php?rest_route=\/wp\/v2\/evento\/280"}],"collection":[{"href":"https:\/\/inove.quixada.ufc.br\/index.php?rest_route=\/wp\/v2\/evento"}],"about":[{"href":"https:\/\/inove.quixada.ufc.br\/index.php?rest_route=\/wp\/v2\/types\/evento"}],"wp:featuredmedia":[{"embeddable":true,"href":"https:\/\/inove.quixada.ufc.br\/index.php?rest_route=\/wp\/v2\/media\/286"}],"wp:attachment":[{"href":"https:\/\/inove.quixada.ufc.br\/index.php?rest_route=%2Fwp%2Fv2%2Fmedia&parent=280"}],"curies":[{"name":"wp","href":"https:\/\/api.w.org\/{rel}","templated":true}]}}